{"id":3559,"date":"2018-12-18T21:47:48","date_gmt":"2018-12-18T20:47:48","guid":{"rendered":"https:\/\/mivelezmalaga.com\/flamenco\/"},"modified":"2024-01-16T10:19:09","modified_gmt":"2024-01-16T09:19:09","slug":"flamenco","status":"publish","type":"page","link":"https:\/\/mivelezmalaga.com\/es\/que-hacer-en-velez-malaga\/flamenco\/","title":{"rendered":"Flamenco"},"content":{"rendered":"\n<p>Uno de los aspectos por lo que V\u00e9lez-M\u00e1laga puede estar orgulloso es la floreciente escena flamenca que estamos viviendo en estos \u00faltimos a\u00f1os. Unas buler\u00edas, unos fandangos o unas seguiriyas son algunos de los palos que aportan personalidad al flamenco que podemos encontrar en V\u00e9lez-M\u00e1laga, acompa\u00f1ado de cantaores y bailaores que van dejando huella en la escena flamenca de la zona.<\/p>\n\n\n\n<p>V\u00e9lez-M\u00e1laga ha sido siempre un referente internacional de la cultura del flamenco con importantes artistas flamencos como Juan Breva, Jos\u00e9 Beltr\u00e1n Ortega \u2018Ni\u00f1o de V\u00e9lez\u2019, creador de la gran malague\u00f1a \u201cLa Caleta y El Limonar\u201d, Antonio de Canillas y Luis Santiago Amador \u2018Gitanillo de V\u00e9lez\u2019 entre otros.<\/p>\n\n\n\n<p>Si usted es un gran aficionado a este g\u00e9nero musical y quiere entrar de lleno en el panorama flamenco de la ciudad, le mostramos a continuaci\u00f3n los mejores sitios para disfrutar de la rica cultura y personalidad de este arte.<\/p>\n\n\n\n<h2 class=\"wp-block-heading\"><strong>D\u00f3nde Ver Flamenco En V\u00e9lez-M\u00e1laga<\/strong><\/h2>\n\n\n<div class=\"wp-block-image\">\n<figure class=\"aligncenter\"><img decoding=\"async\" width=\"1000\" height=\"500\" data-src=\"https:\/\/mivelezmalaga.com\/wp-content\/uploads\/2018\/01\/bastian-jimenez-dancing-1.jpg\" alt=\"bastian jimenez dancing\" class=\"wp-image-2680 lazyload\" data-srcset=\"https:\/\/mivelezmalaga.com\/wp-content\/uploads\/2018\/01\/bastian-jimenez-dancing-1.jpg 1000w, https:\/\/mivelezmalaga.com\/wp-content\/uploads\/2018\/01\/bastian-jimenez-dancing-1-300x150.jpg 300w\" data-sizes=\"(max-width: 1000px) 100vw, 1000px\" src=\"data:image\/svg+xml;base64,PHN2ZyB3aWR0aD0iMSIgaGVpZ2h0PSIxIiB4bWxucz0iaHR0cDovL3d3dy53My5vcmcvMjAwMC9zdmciPjwvc3ZnPg==\" style=\"--smush-placeholder-width: 1000px; --smush-placeholder-aspect-ratio: 1000\/500;\" \/><\/figure>\n<\/div>\n\n\n<h3 class=\"wp-block-heading\">Flamenco Abierto Axarquia<\/h3>\n\n\n\n<p>Esta novedosa propuesta cultural comenz\u00f3 su andadura en el a\u00f1o 2017 y pretende cautivar a los vecinos y a los visitantes con un flamenco real, de ra\u00edces y a la vez dar un toque fresco y actual. Esta iniciativa cuenta con un gran atractivo ya que en los espect\u00e1culos participan importantes artistas con una enorme calidad y con una trayectoria de peso en el flamenco. Jorge Pardo, Diego Carrasco, Jos\u00e9 Valencia, El Pele y El Pulga son algunos de los artistas que ya han pasado por la programaci\u00f3n de estos ciclos de flamenco provocando que V\u00e9lez-M\u00e1laga se convierta en uno de los mejores lugares de la provincia de M\u00e1laga para disfrutar de la esencia de este arte ancestral.<\/p>\n\n\n\n<p>Los eventos de Flamenco Abierto tienen lugar en la Pe\u00f1a Flamenca Ni\u00f1o de V\u00e9lez y durante el a\u00f1o 2017 la cita se celebraba los viernes por la noche. La programaci\u00f3n para el 2018 viene cargada de artistas de renombre para poner en alza el flamenco como la cultura musical m\u00e1s importante de Andaluc\u00eda y Espa\u00f1a, as\u00ed que os recomendamos que no os la perd\u00e1is.<\/p>\n\n\n\n<p>\u00bfQuiere saber cuando ser\u00e1 el pr\u00f3ximo evento de Flamenco Abierto en V\u00e9lez-M\u00e1laga? Env\u00edanos un email a mivelezmalagadotcom@gmail.com.<\/p>\n\n\n\n<p><iframe data-src=\"https:\/\/www.youtube.com\/embed\/Kr_Gk-GCsCg\" width=\"560\" height=\"315\" frameborder=\"0\" allowfullscreen=\"allowfullscreen\" src=\"data:image\/svg+xml;base64,PHN2ZyB3aWR0aD0iMSIgaGVpZ2h0PSIxIiB4bWxucz0iaHR0cDovL3d3dy53My5vcmcvMjAwMC9zdmciPjwvc3ZnPg==\" class=\"lazyload\" data-load-mode=\"1\"><\/iframe><\/p>\n\n\n\n<h3 class=\"wp-block-heading\">Pe\u00f1a Flamenca Ni\u00f1o de V\u00e9lez<\/h3>\n\n\n\n<p>La Pe\u00f1a Flamenca \u201cNi\u00f1o de V\u00e9lez\u201d se cre\u00f3 en 1979 y tienen sede f\u00edsica desde el a\u00f1o 1982. Esta pe\u00f1a es un lugar emblem\u00e1tico en V\u00e9lez y por sus tablas han pasado artistas de renombre como Fosforito, el Lebrijano o Carrete de M\u00e1laga entre muchos otros. Su actual presidente, Crist\u00f3bal Moya tiene como objetivo principal la difusi\u00f3n del flamenco y lo demuestra por la cantidad de proyectos que se organizan en la sede para mostrar a los visitantes y los habitantes de V\u00e9lez-M\u00e1laga la gran pasi\u00f3n y dedicaci\u00f3n hacia este arte tan andaluz. El olor especial del tablao flamenco, el ambiente sombr\u00edo y el arte en cada una de sus paredes son algunos de los detalles que le dejar\u00e1 marcado al visitar la pe\u00f1a flamenca. Adem\u00e1s podr\u00e1 visitar tambi\u00e9n su peque\u00f1o bar ubicado en su interior.<\/p>\n\n\n<div class=\"wp-block-image\">\n<figure class=\"aligncenter\"><img decoding=\"async\" width=\"1000\" height=\"500\" data-src=\"https:\/\/mivelezmalaga.com\/wp-content\/uploads\/2018\/01\/bastian-audience1-1.jpg\" alt=\"pena nino de velez flamenco show\" class=\"wp-image-2681 lazyload\" data-srcset=\"https:\/\/mivelezmalaga.com\/wp-content\/uploads\/2018\/01\/bastian-audience1-1.jpg 1000w, https:\/\/mivelezmalaga.com\/wp-content\/uploads\/2018\/01\/bastian-audience1-1-300x150.jpg 300w\" data-sizes=\"(max-width: 1000px) 100vw, 1000px\" src=\"data:image\/svg+xml;base64,PHN2ZyB3aWR0aD0iMSIgaGVpZ2h0PSIxIiB4bWxucz0iaHR0cDovL3d3dy53My5vcmcvMjAwMC9zdmciPjwvc3ZnPg==\" style=\"--smush-placeholder-width: 1000px; --smush-placeholder-aspect-ratio: 1000\/500;\" \/><\/figure>\n<\/div>\n\n\n<p>El objetivo de la Pe\u00f1a Flamenca es transmitir el duende del flamenco a los visitantes. Se organizan un gran n\u00famero de actividades relacionadas con el mundo flamenco: ollas flamencas, talleres de guitarra, distinciones flamencas, festivales de cante, etc. Le recomendamos que visite este lugar en el que podr\u00e1 encontrar la esencia del flamenco en un ambiente aut\u00e9ntico y con mucha historia.<\/p>\n\n\n\n<p>M\u00e1s informaci\u00f3n: Calle Tejeda, 3, Edificio Granada, bajo. 29700. Velez-Malaga; 616 95 98 69;&nbsp;<a href=\"https:\/\/www.facebook.com\/pvelezmalaga\" target=\"_blank\" rel=\"noopener noreferrer\">Facebook.com\/pvelezmalaga<\/a>.<\/p>\n\n\n\n<h2 class=\"wp-block-heading\"><strong>En Otros Lugares de la Cuidad<\/strong><\/h2>\n\n\n\n<p>El flamenco es un g\u00e9nero m\u00fasical muy arraigado en nuestra tierra y se puede disfrutar del mismo en diferentes eventos programados a lo largo de a\u00f1o en V\u00e9lez-M\u00e1laga. En Agosto hay una cita obligada en el Auditorio del Cerro de San Crist\u00f3bal en un evento organizado por Flamenco Abierto Axarqu\u00eda en el que artistas de renombre de la talla de Tomasito, Diego Carrasco o Jorge Pardo entre otros elevan el flamenco a la m\u00e1xima potencia. El Centro de Arte Contempor\u00e1neo tambi\u00e9n es escenario de diferentes eventos relacionados con el flamenco al igual que la Feria de San Miguel que se celebra a finales de septiembre en donde los alumnos de las numerosas academias de baile de la ciudad despliegan todo su arte. El teatro del Carmen acoge espect\u00e1culos flamencos durante todo el a\u00f1o y el Palacio de Beniel, es protagonista durante la celebraci\u00f3n de la \u201cZambomba flamenca\u201d en donde el flamenco, la Navidad y la cultura se une en un mismo espect\u00e1culo.<\/p>\n\n\n\n<figure class=\"wp-block-image\"><img decoding=\"async\" width=\"1000\" height=\"500\" data-src=\"https:\/\/mivelezmalaga.com\/wp-content\/uploads\/2017\/03\/Flamenco_Zambumba.jpg\" alt=\"Flamenco in the Palacio de Beniel\" class=\"wp-image-1702 lazyload\" data-srcset=\"https:\/\/mivelezmalaga.com\/wp-content\/uploads\/2017\/03\/Flamenco_Zambumba.jpg 1000w, https:\/\/mivelezmalaga.com\/wp-content\/uploads\/2017\/03\/Flamenco_Zambumba-300x150.jpg 300w\" data-sizes=\"(max-width: 1000px) 100vw, 1000px\" src=\"data:image\/svg+xml;base64,PHN2ZyB3aWR0aD0iMSIgaGVpZ2h0PSIxIiB4bWxucz0iaHR0cDovL3d3dy53My5vcmcvMjAwMC9zdmciPjwvc3ZnPg==\" style=\"--smush-placeholder-width: 1000px; --smush-placeholder-aspect-ratio: 1000\/500;\" \/><\/figure>\n\n\n\n<h2 class=\"wp-block-heading\"><strong>Artistas Flamencos Locales<\/strong><\/h2>\n\n\n\n<p>El flamenco es un arte que se lleva en la sangre y los artistas locales que nos hacen disfrutar del mismo nos ofrecen un experiencia del m\u00e1s alto nivel en este arte musical indiscutible. A continuaci\u00f3n nombramos alguno de los m\u00e1s notables artistas flamencos de V\u00e9lez-M\u00e1laga.<\/p>\n\n\n\n<h3 class=\"wp-block-heading\"><strong>Ruben Portillo<\/strong><\/h3>\n\n\n\n<figure class=\"wp-block-image\"><img decoding=\"async\" width=\"1000\" height=\"500\" data-src=\"https:\/\/mivelezmalaga.com\/wp-content\/uploads\/2017\/03\/ruben-portillo.jpg\" alt=\"ruben portillo flamenco guitarist\" class=\"wp-image-1745 lazyload\" data-srcset=\"https:\/\/mivelezmalaga.com\/wp-content\/uploads\/2017\/03\/ruben-portillo.jpg 1000w, https:\/\/mivelezmalaga.com\/wp-content\/uploads\/2017\/03\/ruben-portillo-300x150.jpg 300w\" data-sizes=\"(max-width: 1000px) 100vw, 1000px\" src=\"data:image\/svg+xml;base64,PHN2ZyB3aWR0aD0iMSIgaGVpZ2h0PSIxIiB4bWxucz0iaHR0cDovL3d3dy53My5vcmcvMjAwMC9zdmciPjwvc3ZnPg==\" style=\"--smush-placeholder-width: 1000px; --smush-placeholder-aspect-ratio: 1000\/500;\" \/><\/figure>\n\n\n\n<p>El guitarrista flamenco Rub\u00e9n Portillo es una figura muy importante por la gran difusi\u00f3n que est\u00e1 realizando del flamenco en estos a\u00f1os. \u00c9l es el culpable de aportar un toque de modernidad a esta forma musical que a veces est\u00e1 encorsetada y se resiste a las innovaciones, creando melod\u00edas originales y compartiendo escenario con importantes figuras del flamenco como Jos\u00e9 Merc\u00e9, Carmen Linares o Jorge Pardo entre muchos otros. Rub\u00e9n lleva el flamenco por bandera pero tambi\u00e9n ha llegado a experimentar con otros g\u00e9neros musicales (jazz, ritmos latinos, m\u00fasica hind\u00fa, etc,.) en muchos de sus viajes en los que colabora en proyectos o realiza actuaciones en solitario. Este artista tiene la capacidad de transmitir todo el arte del flamenco en cada uno de sus espect\u00e1culos por lo que recomendamos encarecidamente asistir a sus eventos. Uno de los proyectos m\u00e1s importantes que lidera es Flamenco Abierto, una iniciativa que persigue la difusi\u00f3n del arte y la cultura del flamenco en la Axarqu\u00eda.<\/p>\n\n\n\n<p>Sitios web: <a href=\"http:\/\/www.rubenportillo.com\/\" target=\"_blank\" rel=\"noopener noreferrer\">Rubenportillo.com<\/a>&nbsp;and <a href=\"http:\/\/www.flamencoabierto.com\/\" target=\"_blank\" rel=\"noopener noreferrer\">Flamencoabierto.com<\/a>; Flamenco Abierto Axarquia p\u00e1gina de Facebook: <a href=\"https:\/\/www.facebook.com\/flamencoabiertoaxarquia\/\" target=\"_blank\" rel=\"noopener noreferrer\">Facebook.com\/flamencoabiertoaxarquia\/<\/a>.<\/p>\n\n\n\n<h3 class=\"wp-block-heading\"><strong>Arturo Ruiz<\/strong><\/h3>\n\n\n\n<figure class=\"wp-block-image\"><img decoding=\"async\" width=\"1024\" height=\"604\" data-src=\"https:\/\/mivelezmalaga.com\/wp-content\/uploads\/2017\/03\/flamenco-house-1024x604.jpg\" alt=\"Typical flamenco scenes\" class=\"wp-image-2044 lazyload\" data-srcset=\"https:\/\/mivelezmalaga.com\/wp-content\/uploads\/2017\/03\/flamenco-house-1024x604.jpg 1024w, https:\/\/mivelezmalaga.com\/wp-content\/uploads\/2017\/03\/flamenco-house-300x177.jpg 300w, https:\/\/mivelezmalaga.com\/wp-content\/uploads\/2017\/03\/flamenco-house.jpg 1081w\" data-sizes=\"(max-width: 1024px) 100vw, 1024px\" src=\"data:image\/svg+xml;base64,PHN2ZyB3aWR0aD0iMSIgaGVpZ2h0PSIxIiB4bWxucz0iaHR0cDovL3d3dy53My5vcmcvMjAwMC9zdmciPjwvc3ZnPg==\" style=\"--smush-placeholder-width: 1024px; --smush-placeholder-aspect-ratio: 1024\/604;\" \/><\/figure>\n\n\n\n<p>Al guitarrista Arturo Ruiz lo podemos calificar como un verdadero enamorado del flamenco que lleva su arte por toda la comarca de la Axarqu\u00eda y Andaluc\u00eda. Desde hace siete a\u00f1os es profesor de guitarra en la Escuela de M\u00fasica y Danza de V\u00e9lez-M\u00e1laga y tambi\u00e9n es profesor en dos institutos de M\u00e1laga. En su carrera profesional atesora dos segundos premios de guitarra solista celebrado en Alhaur\u00edn de la Torre en el a\u00f1o 2009 y 2011 y un tercer premio en Algeciras.<\/p>\n\n\n\n<p>Destaca por su maestr\u00eda en el acompa\u00f1amiento tanto al cante como al baile, ofrece adem\u00e1s, conciertos solistas y eventos privados para deleite de los asistentes.<\/p>\n\n\n\n<h3 class=\"wp-block-heading\"><strong>Antonio Guerra<\/strong><\/h3>\n\n\n\n<figure class=\"wp-block-image\"><img decoding=\"async\" width=\"960\" height=\"499\" data-src=\"https:\/\/mivelezmalaga.com\/wp-content\/uploads\/2017\/03\/antonio-guerra-dancer.jpg\" alt=\"antonio guerra dancer\" class=\"wp-image-2308 lazyload\" data-srcset=\"https:\/\/mivelezmalaga.com\/wp-content\/uploads\/2017\/03\/antonio-guerra-dancer.jpg 960w, https:\/\/mivelezmalaga.com\/wp-content\/uploads\/2017\/03\/antonio-guerra-dancer-300x156.jpg 300w\" data-sizes=\"(max-width: 960px) 100vw, 960px\" src=\"data:image\/svg+xml;base64,PHN2ZyB3aWR0aD0iMSIgaGVpZ2h0PSIxIiB4bWxucz0iaHR0cDovL3d3dy53My5vcmcvMjAwMC9zdmciPjwvc3ZnPg==\" style=\"--smush-placeholder-width: 960px; --smush-placeholder-aspect-ratio: 960\/499;\" \/><\/figure>\n\n\n\n<p>El bailaor Antonio Guerra vive por y para el flamenco ya que lleva m\u00e1s de 35 a\u00f1os practicando con pasi\u00f3n este arte. Desde su infancia comenz\u00f3 practicando bailes regionales pero pronto se dio cuenta que el flamenco era su vida y desde entonces ha compartido escenario con grandes artistas andaluces y llenando teatros a nivel nacional e internacional. Su carrera como bailaor profesional la compagina con su carrera como profesor de baile flamenco en la academia que gestiona junto a su hermana Elsa, de donde han salido verdaderos artistas que actualmente se dedican al flamenco profesionalmente. Su hermana, Elsa Guerra, comparte su pasi\u00f3n por el flamenco y es otro pilar fundamental en la escena flamenca de V\u00e9lez-M\u00e1laga.<\/p>\n\n\n\n<p>M\u00e1s informaci\u00f3n: <a href=\"https:\/\/www.facebook.com\/flamencoantonioguerra\/\" target=\"_blank\" rel=\"noopener noreferrer\">Facebook.com\/flamencoantonioguerra\/<\/a>.<\/p>\n","protected":false},"excerpt":{"rendered":"<p>Uno de los aspectos por lo que V\u00e9lez-M\u00e1laga puede estar orgulloso es la floreciente escena flamenca que estamos viviendo en estos \u00faltimos a\u00f1os. Unas buler\u00edas, unos fandangos o unas seguiriyas son algunos de los palos que aportan personalidad al flamenco que podemos encontrar en V\u00e9lez-M\u00e1laga, acompa\u00f1ado de cantaores y bailaores que van dejando huella en [&hellip;]<\/p>\n","protected":false},"author":2,"featured_media":0,"parent":5585,"menu_order":0,"comment_status":"closed","ping_status":"closed","template":"page-child.php","meta":{"_acf_changed":false,"footnotes":""},"class_list":["post-3559","page","type-page","status-publish","hentry"],"acf":[],"yoast_head":"<!-- This site is optimized with the Yoast SEO plugin v27.3 - https:\/\/yoast.com\/product\/yoast-seo-wordpress\/ -->\n<title>Flamenco en V\u00e9lez-M\u00e1laga: D\u00f3nde Ver &amp; Artistas Locales<\/title>\n<meta name=\"robots\" content=\"index, follow, max-snippet:-1, max-image-preview:large, max-video-preview:-1\" \/>\n<link rel=\"canonical\" href=\"https:\/\/mivelezmalaga.com\/es\/que-hacer-en-velez-malaga\/flamenco\/\" \/>\n<meta property=\"og:locale\" content=\"es_ES\" \/>\n<meta property=\"og:type\" content=\"article\" \/>\n<meta property=\"og:title\" content=\"Flamenco en V\u00e9lez-M\u00e1laga: D\u00f3nde Ver &amp; Artistas Locales\" \/>\n<meta property=\"og:description\" content=\"Uno de los aspectos por lo que V\u00e9lez-M\u00e1laga puede estar orgulloso es la floreciente escena flamenca que estamos viviendo en estos \u00faltimos a\u00f1os. Unas buler\u00edas, unos fandangos o unas seguiriyas son algunos de los palos que aportan personalidad al flamenco que podemos encontrar en V\u00e9lez-M\u00e1laga, acompa\u00f1ado de cantaores y bailaores que van dejando huella en [&hellip;]\" \/>\n<meta property=\"og:url\" content=\"https:\/\/mivelezmalaga.com\/es\/que-hacer-en-velez-malaga\/flamenco\/\" \/>\n<meta property=\"og:site_name\" content=\"Mi Velez-Malaga\" \/>\n<meta property=\"article:publisher\" content=\"https:\/\/www.facebook.com\/mivelezmalaga\/\" \/>\n<meta property=\"article:modified_time\" content=\"2024-01-16T09:19:09+00:00\" \/>\n<meta property=\"og:image\" content=\"https:\/\/mivelezmalaga.com\/wp-content\/uploads\/2018\/01\/bastian-jimenez-dancing-1.jpg\" \/>\n<meta name=\"twitter:card\" content=\"summary_large_image\" \/>\n<meta name=\"twitter:site\" content=\"@MiVelezMalaga\" \/>\n<meta name=\"twitter:label1\" content=\"Est. reading time\" \/>\n\t<meta name=\"twitter:data1\" content=\"7 minutes\" \/>\n<script type=\"application\/ld+json\" class=\"yoast-schema-graph\">{\"@context\":\"https:\\\/\\\/schema.org\",\"@graph\":[{\"@type\":\"WebPage\",\"@id\":\"https:\\\/\\\/mivelezmalaga.com\\\/es\\\/que-hacer-en-velez-malaga\\\/flamenco\\\/\",\"url\":\"https:\\\/\\\/mivelezmalaga.com\\\/es\\\/que-hacer-en-velez-malaga\\\/flamenco\\\/\",\"name\":\"Flamenco en V\u00e9lez-M\u00e1laga: D\u00f3nde Ver & Artistas Locales\",\"isPartOf\":{\"@id\":\"https:\\\/\\\/mivelezmalaga.com\\\/es\\\/#website\"},\"primaryImageOfPage\":{\"@id\":\"https:\\\/\\\/mivelezmalaga.com\\\/es\\\/que-hacer-en-velez-malaga\\\/flamenco\\\/#primaryimage\"},\"image\":{\"@id\":\"https:\\\/\\\/mivelezmalaga.com\\\/es\\\/que-hacer-en-velez-malaga\\\/flamenco\\\/#primaryimage\"},\"thumbnailUrl\":\"https:\\\/\\\/mivelezmalaga.com\\\/wp-content\\\/uploads\\\/2018\\\/01\\\/bastian-jimenez-dancing-1.jpg\",\"datePublished\":\"2018-12-18T20:47:48+00:00\",\"dateModified\":\"2024-01-16T09:19:09+00:00\",\"breadcrumb\":{\"@id\":\"https:\\\/\\\/mivelezmalaga.com\\\/es\\\/que-hacer-en-velez-malaga\\\/flamenco\\\/#breadcrumb\"},\"inLanguage\":\"es-ES\",\"potentialAction\":[{\"@type\":\"ReadAction\",\"target\":[\"https:\\\/\\\/mivelezmalaga.com\\\/es\\\/que-hacer-en-velez-malaga\\\/flamenco\\\/\"]}]},{\"@type\":\"ImageObject\",\"inLanguage\":\"es-ES\",\"@id\":\"https:\\\/\\\/mivelezmalaga.com\\\/es\\\/que-hacer-en-velez-malaga\\\/flamenco\\\/#primaryimage\",\"url\":\"https:\\\/\\\/mivelezmalaga.com\\\/wp-content\\\/uploads\\\/2018\\\/01\\\/bastian-jimenez-dancing-1.jpg\",\"contentUrl\":\"https:\\\/\\\/mivelezmalaga.com\\\/wp-content\\\/uploads\\\/2018\\\/01\\\/bastian-jimenez-dancing-1.jpg\"},{\"@type\":\"BreadcrumbList\",\"@id\":\"https:\\\/\\\/mivelezmalaga.com\\\/es\\\/que-hacer-en-velez-malaga\\\/flamenco\\\/#breadcrumb\",\"itemListElement\":[{\"@type\":\"ListItem\",\"position\":1,\"name\":\"Home\",\"item\":\"https:\\\/\\\/mivelezmalaga.com\\\/es\\\/\"},{\"@type\":\"ListItem\",\"position\":2,\"name\":\"Que hacer en V\u00e9lez-M\u00e1laga\",\"item\":\"https:\\\/\\\/mivelezmalaga.com\\\/es\\\/que-hacer-en-velez-malaga\\\/\"},{\"@type\":\"ListItem\",\"position\":3,\"name\":\"Flamenco\"}]},{\"@type\":\"WebSite\",\"@id\":\"https:\\\/\\\/mivelezmalaga.com\\\/es\\\/#website\",\"url\":\"https:\\\/\\\/mivelezmalaga.com\\\/es\\\/\",\"name\":\"Mi Velez-Malaga\",\"description\":\"Welcome to V\u00e9lez\",\"potentialAction\":[{\"@type\":\"SearchAction\",\"target\":{\"@type\":\"EntryPoint\",\"urlTemplate\":\"https:\\\/\\\/mivelezmalaga.com\\\/es\\\/?s={search_term_string}\"},\"query-input\":{\"@type\":\"PropertyValueSpecification\",\"valueRequired\":true,\"valueName\":\"search_term_string\"}}],\"inLanguage\":\"es-ES\"}]}<\/script>\n<!-- \/ Yoast SEO plugin. -->","yoast_head_json":{"title":"Flamenco en V\u00e9lez-M\u00e1laga: D\u00f3nde Ver & Artistas Locales","robots":{"index":"index","follow":"follow","max-snippet":"max-snippet:-1","max-image-preview":"max-image-preview:large","max-video-preview":"max-video-preview:-1"},"canonical":"https:\/\/mivelezmalaga.com\/es\/que-hacer-en-velez-malaga\/flamenco\/","og_locale":"es_ES","og_type":"article","og_title":"Flamenco en V\u00e9lez-M\u00e1laga: D\u00f3nde Ver & Artistas Locales","og_description":"Uno de los aspectos por lo que V\u00e9lez-M\u00e1laga puede estar orgulloso es la floreciente escena flamenca que estamos viviendo en estos \u00faltimos a\u00f1os. Unas buler\u00edas, unos fandangos o unas seguiriyas son algunos de los palos que aportan personalidad al flamenco que podemos encontrar en V\u00e9lez-M\u00e1laga, acompa\u00f1ado de cantaores y bailaores que van dejando huella en [&hellip;]","og_url":"https:\/\/mivelezmalaga.com\/es\/que-hacer-en-velez-malaga\/flamenco\/","og_site_name":"Mi Velez-Malaga","article_publisher":"https:\/\/www.facebook.com\/mivelezmalaga\/","article_modified_time":"2024-01-16T09:19:09+00:00","og_image":[{"url":"https:\/\/mivelezmalaga.com\/wp-content\/uploads\/2018\/01\/bastian-jimenez-dancing-1.jpg","type":"","width":"","height":""}],"twitter_card":"summary_large_image","twitter_site":"@MiVelezMalaga","twitter_misc":{"Est. reading time":"7 minutes"},"schema":{"@context":"https:\/\/schema.org","@graph":[{"@type":"WebPage","@id":"https:\/\/mivelezmalaga.com\/es\/que-hacer-en-velez-malaga\/flamenco\/","url":"https:\/\/mivelezmalaga.com\/es\/que-hacer-en-velez-malaga\/flamenco\/","name":"Flamenco en V\u00e9lez-M\u00e1laga: D\u00f3nde Ver & Artistas Locales","isPartOf":{"@id":"https:\/\/mivelezmalaga.com\/es\/#website"},"primaryImageOfPage":{"@id":"https:\/\/mivelezmalaga.com\/es\/que-hacer-en-velez-malaga\/flamenco\/#primaryimage"},"image":{"@id":"https:\/\/mivelezmalaga.com\/es\/que-hacer-en-velez-malaga\/flamenco\/#primaryimage"},"thumbnailUrl":"https:\/\/mivelezmalaga.com\/wp-content\/uploads\/2018\/01\/bastian-jimenez-dancing-1.jpg","datePublished":"2018-12-18T20:47:48+00:00","dateModified":"2024-01-16T09:19:09+00:00","breadcrumb":{"@id":"https:\/\/mivelezmalaga.com\/es\/que-hacer-en-velez-malaga\/flamenco\/#breadcrumb"},"inLanguage":"es-ES","potentialAction":[{"@type":"ReadAction","target":["https:\/\/mivelezmalaga.com\/es\/que-hacer-en-velez-malaga\/flamenco\/"]}]},{"@type":"ImageObject","inLanguage":"es-ES","@id":"https:\/\/mivelezmalaga.com\/es\/que-hacer-en-velez-malaga\/flamenco\/#primaryimage","url":"https:\/\/mivelezmalaga.com\/wp-content\/uploads\/2018\/01\/bastian-jimenez-dancing-1.jpg","contentUrl":"https:\/\/mivelezmalaga.com\/wp-content\/uploads\/2018\/01\/bastian-jimenez-dancing-1.jpg"},{"@type":"BreadcrumbList","@id":"https:\/\/mivelezmalaga.com\/es\/que-hacer-en-velez-malaga\/flamenco\/#breadcrumb","itemListElement":[{"@type":"ListItem","position":1,"name":"Home","item":"https:\/\/mivelezmalaga.com\/es\/"},{"@type":"ListItem","position":2,"name":"Que hacer en V\u00e9lez-M\u00e1laga","item":"https:\/\/mivelezmalaga.com\/es\/que-hacer-en-velez-malaga\/"},{"@type":"ListItem","position":3,"name":"Flamenco"}]},{"@type":"WebSite","@id":"https:\/\/mivelezmalaga.com\/es\/#website","url":"https:\/\/mivelezmalaga.com\/es\/","name":"Mi Velez-Malaga","description":"Welcome to V\u00e9lez","potentialAction":[{"@type":"SearchAction","target":{"@type":"EntryPoint","urlTemplate":"https:\/\/mivelezmalaga.com\/es\/?s={search_term_string}"},"query-input":{"@type":"PropertyValueSpecification","valueRequired":true,"valueName":"search_term_string"}}],"inLanguage":"es-ES"}]}},"_links":{"self":[{"href":"https:\/\/mivelezmalaga.com\/es\/wp-json\/wp\/v2\/pages\/3559","targetHints":{"allow":["GET"]}}],"collection":[{"href":"https:\/\/mivelezmalaga.com\/es\/wp-json\/wp\/v2\/pages"}],"about":[{"href":"https:\/\/mivelezmalaga.com\/es\/wp-json\/wp\/v2\/types\/page"}],"author":[{"embeddable":true,"href":"https:\/\/mivelezmalaga.com\/es\/wp-json\/wp\/v2\/users\/2"}],"replies":[{"embeddable":true,"href":"https:\/\/mivelezmalaga.com\/es\/wp-json\/wp\/v2\/comments?post=3559"}],"version-history":[{"count":8,"href":"https:\/\/mivelezmalaga.com\/es\/wp-json\/wp\/v2\/pages\/3559\/revisions"}],"predecessor-version":[{"id":8413,"href":"https:\/\/mivelezmalaga.com\/es\/wp-json\/wp\/v2\/pages\/3559\/revisions\/8413"}],"up":[{"embeddable":true,"href":"https:\/\/mivelezmalaga.com\/es\/wp-json\/wp\/v2\/pages\/5585"}],"wp:attachment":[{"href":"https:\/\/mivelezmalaga.com\/es\/wp-json\/wp\/v2\/media?parent=3559"}],"curies":[{"name":"wp","href":"https:\/\/api.w.org\/{rel}","templated":true}]}}