{"id":6024,"date":"2019-10-22T18:36:23","date_gmt":"2019-10-22T16:36:23","guid":{"rendered":"https:\/\/mivelezmalaga.com\/?page_id=6024"},"modified":"2019-10-22T18:48:24","modified_gmt":"2019-10-22T16:48:24","slug":"alfarnate","status":"publish","type":"page","link":"https:\/\/mivelezmalaga.com\/es\/la-region-de-axarquia\/alfarnate\/","title":{"rendered":"Alfarnate"},"content":{"rendered":"\n<p>Alfarnate es uno de los pueblos m\u00e1s espectaculares de Axarqu\u00eda. Sentado muy por encima del resto de la regi\u00f3n, rodeado de paisajes dram\u00e1ticamente hermosos y con una larga historia de bandidaje, tiene una sensaci\u00f3n remota y rom\u00e1ntica que es dif\u00edcil no ser conquistado.<\/p>\n\n\n\n<h3 class=\"wp-block-heading\">\u00bfD\u00f3nde est\u00e1 Alfarnate?<\/h3>\n\n\n\n<p>Alfarnate se encuentra al norte de la Axarqu\u00eda, muy cerca de la provincia de Granada. Si bien se cree que Comares es la ciudad m\u00e1s alta de la Axarqu\u00eda, debido a su ubicaci\u00f3n en la cima de la colina y sus impresionantes vistas, Alfarnate de hecho reclama ese premio. Con sus calles a m\u00e1s de 900 metros sobre el nivel del mar, oficialmente no solo es la m\u00e1s alta de la regi\u00f3n, sino de toda la provincia de M\u00e1laga.<\/p>\n\n\n\n<figure class=\"wp-block-image\"><img decoding=\"async\" width=\"995\" height=\"587\" data-src=\"https:\/\/mivelezmalaga.com\/wp-content\/uploads\/2019\/01\/Alfarnate-valey.jpg\" alt=\"Alfarnate Valley, Axarquia\" class=\"wp-image-3614 lazyload\" data-srcset=\"https:\/\/mivelezmalaga.com\/wp-content\/uploads\/2019\/01\/Alfarnate-valey.jpg 995w, https:\/\/mivelezmalaga.com\/wp-content\/uploads\/2019\/01\/Alfarnate-valey-300x177.jpg 300w\" data-sizes=\"(max-width: 995px) 100vw, 995px\" src=\"data:image\/svg+xml;base64,PHN2ZyB3aWR0aD0iMSIgaGVpZ2h0PSIxIiB4bWxucz0iaHR0cDovL3d3dy53My5vcmcvMjAwMC9zdmciPjwvc3ZnPg==\" style=\"--smush-placeholder-width: 995px; --smush-placeholder-aspect-ratio: 995\/587;\" \/><\/figure>\n\n\n\n<h3 class=\"wp-block-heading\"> Una breve historia &#8230; <\/h3>\n\n\n\n<p>Alfarnate fue fundada por los \u00e1rabes y llamada &#8220;Al-farnat&#8221;, que significa molino harinero. Esto por que el \u00e1rea sol\u00eda tener campos sobre campos de trigo. Esta \u00e1rea ha estado habitada desde tiempos prehist\u00f3ricos, pero la primera referencia de Alfarnate que tenemos es del siglo X, afirmando que era un \u00e1rea que produc\u00eda mucha harina. Fue conquistado por los cristianos en 1487 y durante los siglos XVIII y XIX fue un refugio muy importante para los bandoleros de la regi\u00f3n<\/p>\n\n\n\n<h3 class=\"wp-block-heading\"> Qu\u00e9 hay para hacer?<\/h3>\n\n\n\n<figure class=\"wp-block-image\"><img decoding=\"async\" width=\"1024\" height=\"640\" data-src=\"https:\/\/mivelezmalaga.com\/wp-content\/uploads\/2019\/01\/Alfarnate-Shutterstock-1024x640.jpg\" alt=\"Alfarnate Narrow Streets\" class=\"wp-image-3615 lazyload\" data-srcset=\"https:\/\/mivelezmalaga.com\/wp-content\/uploads\/2019\/01\/Alfarnate-Shutterstock-1024x640.jpg 1024w, https:\/\/mivelezmalaga.com\/wp-content\/uploads\/2019\/01\/Alfarnate-Shutterstock-300x188.jpg 300w, https:\/\/mivelezmalaga.com\/wp-content\/uploads\/2019\/01\/Alfarnate-Shutterstock.jpg 1499w\" data-sizes=\"(max-width: 1024px) 100vw, 1024px\" src=\"data:image\/svg+xml;base64,PHN2ZyB3aWR0aD0iMSIgaGVpZ2h0PSIxIiB4bWxucz0iaHR0cDovL3d3dy53My5vcmcvMjAwMC9zdmciPjwvc3ZnPg==\" style=\"--smush-placeholder-width: 1024px; --smush-placeholder-aspect-ratio: 1024\/640;\" \/><\/figure>\n\n\n\n<p>Dividido en dos partes y separado por el r\u00edo Sabar y rodeado de hermosas monta\u00f1as, el pueblo en s\u00ed es peque\u00f1o y se puede visitar f\u00e1cilmente en solo una hora. Recomendamos una visita a la iglesia de Santa Ana, construida durante el siglo XVI en el estilo arquitect\u00f3nico mud\u00e9jar. La mayor\u00eda de las iglesias en la Axarqu\u00eda exhiben el estilo mud\u00e9jar, particularmente en sus torres.<\/p>\n\n\n\n<p>Tambi\u00e9n vale la pena visitar la ermita de la Virgen Monsalud, la santa patrona de Alfarnate, que tambi\u00e9n fue construida durante el siglo XVI. No te pierdas el ayuntamiento (Alfarnate), es el ayuntamiento en el edificio m\u00e1s antiguo de la provincia de M\u00e1laga, que tambi\u00e9n se remonta al siglo XVI<\/p>\n\n\n\n<p>Una visita al pueblo vecino de Alfarnatejo es imprescindible, y tambi\u00e9n se puede lograr f\u00e1cilmente en un d\u00eda. El senderismo cercano es excelente. Esta \u00e1rea se llama &#8216;Pirineos de Andaluc\u00eda&#8217;, y a menudo se compara con el norte de Espa\u00f1a. Es sorprendente, ya que est\u00e1 a menos de una hora de la costa mediterr\u00e1nea. Este tipo de contraste es lo que hace de la Axarqu\u00eda un lugar tan incre\u00edble.<\/p>\n\n\n\n<h3 class=\"wp-block-heading\">D\u00f3nde comer &#8211; Restaurantes<\/h3>\n\n\n\n<figure class=\"wp-block-image\"><img decoding=\"async\" width=\"1024\" height=\"601\" data-src=\"https:\/\/mivelezmalaga.com\/wp-content\/uploads\/2018\/08\/Venta-de-Alfarnate-1024x601.jpg\" alt=\"Venta de Alfarnate\" class=\"wp-image-3582 lazyload\" data-srcset=\"https:\/\/mivelezmalaga.com\/wp-content\/uploads\/2018\/08\/Venta-de-Alfarnate-1024x601.jpg 1024w, https:\/\/mivelezmalaga.com\/wp-content\/uploads\/2018\/08\/Venta-de-Alfarnate-300x176.jpg 300w, https:\/\/mivelezmalaga.com\/wp-content\/uploads\/2018\/08\/Venta-de-Alfarnate.jpg 1080w\" data-sizes=\"(max-width: 1024px) 100vw, 1024px\" src=\"data:image\/svg+xml;base64,PHN2ZyB3aWR0aD0iMSIgaGVpZ2h0PSIxIiB4bWxucz0iaHR0cDovL3d3dy53My5vcmcvMjAwMC9zdmciPjwvc3ZnPg==\" style=\"--smush-placeholder-width: 1024px; --smush-placeholder-aspect-ratio: 1024\/601;\" \/><\/figure>\n\n\n\n<p>Si vas a Alfarnate tienes que comer en el restaurante Venta de Alfarnate. La posada m\u00e1s antigua de Andaluc\u00eda, es un edificio construido en el siglo XIII que hoy en d\u00eda se llama Museo del Bandolero. En el interior est\u00e1 decorado como una antigua posada, con antig\u00fcedades y cuadros que lo convierten en una experiencia inolvidable. Le recomendamos que pruebe el plato m\u00e1s popular &#8220;Huevos a lo bestia&#8221; con pan rallado frito, chorizo, filete de cerdo, morcilla y naranja fresca. Es un plato muy grande. \u00a1Recomendamos que lo compartas.<\/p>\n\n\n\n<h3 class=\"wp-block-heading\">Alojamientos<\/h3>\n\n\n\n<figure class=\"wp-block-image\"><img decoding=\"async\" width=\"797\" height=\"600\" data-src=\"https:\/\/mivelezmalaga.com\/wp-content\/uploads\/2019\/01\/Pulgarin-Bajo.jpg\" alt=\"Pulgarin Bajo Casa Rural, Alfarnate\" class=\"wp-image-3620 lazyload\" data-srcset=\"https:\/\/mivelezmalaga.com\/wp-content\/uploads\/2019\/01\/Pulgarin-Bajo.jpg 797w, https:\/\/mivelezmalaga.com\/wp-content\/uploads\/2019\/01\/Pulgarin-Bajo-300x226.jpg 300w\" data-sizes=\"(max-width: 797px) 100vw, 797px\" src=\"data:image\/svg+xml;base64,PHN2ZyB3aWR0aD0iMSIgaGVpZ2h0PSIxIiB4bWxucz0iaHR0cDovL3d3dy53My5vcmcvMjAwMC9zdmciPjwvc3ZnPg==\" style=\"--smush-placeholder-width: 797px; --smush-placeholder-aspect-ratio: 797\/600;\" \/><\/figure>\n\n\n\n<p>Alfarnate, solo casas de alquiler vacacional. Nuestros dos favoritos son Cortijo Pulgarin Bajo y Casa Rural La Paharilla. La Paharilla tiene excelentes vistas, una ubicaci\u00f3n no muy lejos del centro de la ciudad y un gran jard\u00edn. La casa no tiene lujos, tiene cuatro habitaciones y es b\u00e1sica pero perfectamente c\u00f3moda. Cortijo Pulgarin Bajo es mucho m\u00e1s encantador, tiene tres casas y una piscina comunitaria.<\/p>\n\n\n\n<h3 class=\"wp-block-heading\">Fiestas &amp; Ferias<\/h3>\n\n\n\n<h4 class=\"wp-block-heading\">Dia de la Cereza<\/h4>\n\n\n\n<p>Con esta fiesta se celebra la cosecha del producto m\u00e1s popular en Alfarnate, la cereza. La fiesta tiene lugar a fines de junio, siempre los s\u00e1bados y comienza a las 11.00 horas. \u00bfQu\u00e9 deber\u00edas esperar? Gazpacho (con cerezas locales) y salmorejo se entregan de forma gratuita. Hay puestos donde se venden productos locales, as\u00ed como m\u00fasica en vivo y bandas tocando todo el d\u00eda. Es un d\u00eda perfecto para visitar este encantador pueblo.<\/p>\n\n\n\n<h4 class=\"wp-block-heading\">Fiesta de Moros y Cristianos<\/h4>\n\n\n\n<p>Este festival se celebra el s\u00e1bado m\u00e1s cercano al 12 de septiembre. Muchos lugare\u00f1os vestidos con ropas del siglo XV representan la batalla entre los moros y los cristianos. Tambi\u00e9n hay un mercado con productos artesanales. La representaci\u00f3n tiene lugar frente a la Iglesia de Santa Ana alrededor de las 18.00 horas.<\/p>\n\n\n\n<figure class=\"wp-block-image\"><img decoding=\"async\" width=\"1024\" height=\"583\" data-src=\"https:\/\/mivelezmalaga.com\/wp-content\/uploads\/2019\/01\/Alfarnate-whole-village-shutterstock-1024x583.jpg\" alt=\"Alfarnate Village. Axarquia\" class=\"wp-image-3626 lazyload\" data-srcset=\"https:\/\/mivelezmalaga.com\/wp-content\/uploads\/2019\/01\/Alfarnate-whole-village-shutterstock-1024x583.jpg 1024w, https:\/\/mivelezmalaga.com\/wp-content\/uploads\/2019\/01\/Alfarnate-whole-village-shutterstock-300x171.jpg 300w, https:\/\/mivelezmalaga.com\/wp-content\/uploads\/2019\/01\/Alfarnate-whole-village-shutterstock.jpg 1500w\" data-sizes=\"(max-width: 1024px) 100vw, 1024px\" src=\"data:image\/svg+xml;base64,PHN2ZyB3aWR0aD0iMSIgaGVpZ2h0PSIxIiB4bWxucz0iaHR0cDovL3d3dy53My5vcmcvMjAwMC9zdmciPjwvc3ZnPg==\" style=\"--smush-placeholder-width: 1024px; --smush-placeholder-aspect-ratio: 1024\/583;\" \/><\/figure>\n\n\n\n<h3 class=\"wp-block-heading\">Quieres un consejo?<\/h3>\n\n\n\n<p>Recomendamos que visite Alfarnate durante sus fiestas o durante la floraci\u00f3n del cerezo en abril: el paisaje es simplemente hermoso. P\u00f3ngase las botas de monta\u00f1a y salga a explorar y termine con un abundante almuerzo en la Venta de Alfarnate.<\/p>\n\n\n\n<p>Contacto del Ayuntamiento:\u00a0<a href=\"mailto:info@alfarnate.es\">info@alfarnate.es<\/a>. Tel:\u00a0952 759 055.<\/p>\n\n\n\n<h3 class=\"wp-block-heading\"><strong>Sobre el Autor<\/strong><\/h3>\n\n\n\n<h4 class=\"wp-block-heading\"><strong>\u00a0Cipriano from Oletrips<\/strong><\/h4>\n\n\n\n<h4 class=\"wp-block-heading\"> &#8220;Me encantar\u00eda mostrarte nuestra hermosa \u00e1rea y ayudarte con todo lo que necesites durante tus vacaciones en nuestra hermosa e hist\u00f3rica Axarqu\u00eda&#8221;. <\/h4>\n\n\n\n<p>Cipriano lleva muchos a\u00f1os trabajando como gu\u00eda tur\u00edstico (en espa\u00f1ol-ingl\u00e9s \/ alem\u00e1n \/ italiano), y es capaz de comunicar con fluidez su pasi\u00f3n por Andaluc\u00eda y la Axarqu\u00eda. Desde V\u00e9lez-M\u00e1laga, est\u00e1 enormemente entusiasmado con el patrimonio de la Axarqu\u00eda y ofrece una visi\u00f3n experta de toda la zona.<\/p>\n\n\n\n<p><strong>\u00bfQu\u00e9 esperar de un Oletrip?<\/strong> Estas visitas guiadas ofrecen cosas que no est\u00e1n f\u00e1cilmente disponibles para el p\u00fablico en general, por ejemplo: un d\u00eda de pastoreo de cabras, la hermosa granja de olivos de una familia local con degustaci\u00f3n o un profundo sendero hist\u00f3rico a trav\u00e9s de los rom\u00e1nticos pueblos de monta\u00f1a. Este enfoque de acceso a todas las \u00e1reas es la forma en que Oletrip permite a los visitantes experimentar los 1000 a\u00f1os de cultura interesante que la Axarqu\u00eda tiene para ofrecer. La noble misi\u00f3n de Oletrips es promover el turismo responsable.<\/p>\n","protected":false},"excerpt":{"rendered":"<p>Alfarnate es uno de los pueblos m\u00e1s espectaculares de Axarqu\u00eda. Sentado muy por encima del resto de la regi\u00f3n, rodeado de paisajes dram\u00e1ticamente hermosos y con una larga historia de bandidaje, tiene una sensaci\u00f3n remota y rom\u00e1ntica que es dif\u00edcil no ser conquistado. \u00bfD\u00f3nde est\u00e1 Alfarnate? Alfarnate se encuentra al norte de la Axarqu\u00eda, muy [&hellip;]<\/p>\n","protected":false},"author":1,"featured_media":0,"parent":5945,"menu_order":0,"comment_status":"closed","ping_status":"closed","template":"page-child.php","meta":{"_acf_changed":false,"footnotes":""},"class_list":["post-6024","page","type-page","status-publish","hentry"],"acf":[],"yoast_head":"<!-- This site is optimized with the Yoast SEO plugin v27.3 - https:\/\/yoast.com\/product\/yoast-seo-wordpress\/ -->\n<title>Alfarnate<\/title>\n<meta name=\"robots\" content=\"index, follow, max-snippet:-1, max-image-preview:large, max-video-preview:-1\" \/>\n<link rel=\"canonical\" href=\"https:\/\/mivelezmalaga.com\/es\/la-region-de-axarquia\/alfarnate\/\" \/>\n<meta property=\"og:locale\" content=\"es_ES\" \/>\n<meta property=\"og:type\" content=\"article\" \/>\n<meta property=\"og:title\" content=\"Alfarnate\" \/>\n<meta property=\"og:description\" content=\"Alfarnate es uno de los pueblos m\u00e1s espectaculares de Axarqu\u00eda. Sentado muy por encima del resto de la regi\u00f3n, rodeado de paisajes dram\u00e1ticamente hermosos y con una larga historia de bandidaje, tiene una sensaci\u00f3n remota y rom\u00e1ntica que es dif\u00edcil no ser conquistado. \u00bfD\u00f3nde est\u00e1 Alfarnate? Alfarnate se encuentra al norte de la Axarqu\u00eda, muy [&hellip;]\" \/>\n<meta property=\"og:url\" content=\"https:\/\/mivelezmalaga.com\/es\/la-region-de-axarquia\/alfarnate\/\" \/>\n<meta property=\"og:site_name\" content=\"Mi Velez-Malaga\" \/>\n<meta property=\"article:publisher\" content=\"https:\/\/www.facebook.com\/mivelezmalaga\/\" \/>\n<meta property=\"article:modified_time\" content=\"2019-10-22T16:48:24+00:00\" \/>\n<meta property=\"og:image\" content=\"https:\/\/mivelezmalaga.com\/wp-content\/uploads\/2019\/01\/Alfarnate-valey.jpg\" \/>\n<meta name=\"twitter:card\" content=\"summary_large_image\" \/>\n<meta name=\"twitter:site\" content=\"@MiVelezMalaga\" \/>\n<meta name=\"twitter:label1\" content=\"Est. reading time\" \/>\n\t<meta name=\"twitter:data1\" content=\"5 minutes\" \/>\n<script type=\"application\/ld+json\" class=\"yoast-schema-graph\">{\"@context\":\"https:\\\/\\\/schema.org\",\"@graph\":[{\"@type\":\"WebPage\",\"@id\":\"https:\\\/\\\/mivelezmalaga.com\\\/es\\\/la-region-de-axarquia\\\/alfarnate\\\/\",\"url\":\"https:\\\/\\\/mivelezmalaga.com\\\/es\\\/la-region-de-axarquia\\\/alfarnate\\\/\",\"name\":\"Alfarnate\",\"isPartOf\":{\"@id\":\"https:\\\/\\\/mivelezmalaga.com\\\/es\\\/#website\"},\"primaryImageOfPage\":{\"@id\":\"https:\\\/\\\/mivelezmalaga.com\\\/es\\\/la-region-de-axarquia\\\/alfarnate\\\/#primaryimage\"},\"image\":{\"@id\":\"https:\\\/\\\/mivelezmalaga.com\\\/es\\\/la-region-de-axarquia\\\/alfarnate\\\/#primaryimage\"},\"thumbnailUrl\":\"https:\\\/\\\/mivelezmalaga.com\\\/wp-content\\\/uploads\\\/2019\\\/01\\\/Alfarnate-valey.jpg\",\"datePublished\":\"2019-10-22T16:36:23+00:00\",\"dateModified\":\"2019-10-22T16:48:24+00:00\",\"breadcrumb\":{\"@id\":\"https:\\\/\\\/mivelezmalaga.com\\\/es\\\/la-region-de-axarquia\\\/alfarnate\\\/#breadcrumb\"},\"inLanguage\":\"es-ES\",\"potentialAction\":[{\"@type\":\"ReadAction\",\"target\":[\"https:\\\/\\\/mivelezmalaga.com\\\/es\\\/la-region-de-axarquia\\\/alfarnate\\\/\"]}]},{\"@type\":\"ImageObject\",\"inLanguage\":\"es-ES\",\"@id\":\"https:\\\/\\\/mivelezmalaga.com\\\/es\\\/la-region-de-axarquia\\\/alfarnate\\\/#primaryimage\",\"url\":\"https:\\\/\\\/mivelezmalaga.com\\\/wp-content\\\/uploads\\\/2019\\\/01\\\/Alfarnate-valey.jpg\",\"contentUrl\":\"https:\\\/\\\/mivelezmalaga.com\\\/wp-content\\\/uploads\\\/2019\\\/01\\\/Alfarnate-valey.jpg\"},{\"@type\":\"BreadcrumbList\",\"@id\":\"https:\\\/\\\/mivelezmalaga.com\\\/es\\\/la-region-de-axarquia\\\/alfarnate\\\/#breadcrumb\",\"itemListElement\":[{\"@type\":\"ListItem\",\"position\":1,\"name\":\"Home\",\"item\":\"https:\\\/\\\/mivelezmalaga.com\\\/es\\\/\"},{\"@type\":\"ListItem\",\"position\":2,\"name\":\"Regi\u00f3n de La Axarquia\",\"item\":\"https:\\\/\\\/mivelezmalaga.com\\\/es\\\/la-region-de-axarquia\\\/\"},{\"@type\":\"ListItem\",\"position\":3,\"name\":\"Alfarnate\"}]},{\"@type\":\"WebSite\",\"@id\":\"https:\\\/\\\/mivelezmalaga.com\\\/es\\\/#website\",\"url\":\"https:\\\/\\\/mivelezmalaga.com\\\/es\\\/\",\"name\":\"Mi Velez-Malaga\",\"description\":\"Welcome to V\u00e9lez\",\"potentialAction\":[{\"@type\":\"SearchAction\",\"target\":{\"@type\":\"EntryPoint\",\"urlTemplate\":\"https:\\\/\\\/mivelezmalaga.com\\\/es\\\/?s={search_term_string}\"},\"query-input\":{\"@type\":\"PropertyValueSpecification\",\"valueRequired\":true,\"valueName\":\"search_term_string\"}}],\"inLanguage\":\"es-ES\"}]}<\/script>\n<!-- \/ Yoast SEO plugin. -->","yoast_head_json":{"title":"Alfarnate","robots":{"index":"index","follow":"follow","max-snippet":"max-snippet:-1","max-image-preview":"max-image-preview:large","max-video-preview":"max-video-preview:-1"},"canonical":"https:\/\/mivelezmalaga.com\/es\/la-region-de-axarquia\/alfarnate\/","og_locale":"es_ES","og_type":"article","og_title":"Alfarnate","og_description":"Alfarnate es uno de los pueblos m\u00e1s espectaculares de Axarqu\u00eda. Sentado muy por encima del resto de la regi\u00f3n, rodeado de paisajes dram\u00e1ticamente hermosos y con una larga historia de bandidaje, tiene una sensaci\u00f3n remota y rom\u00e1ntica que es dif\u00edcil no ser conquistado. \u00bfD\u00f3nde est\u00e1 Alfarnate? Alfarnate se encuentra al norte de la Axarqu\u00eda, muy [&hellip;]","og_url":"https:\/\/mivelezmalaga.com\/es\/la-region-de-axarquia\/alfarnate\/","og_site_name":"Mi Velez-Malaga","article_publisher":"https:\/\/www.facebook.com\/mivelezmalaga\/","article_modified_time":"2019-10-22T16:48:24+00:00","og_image":[{"url":"https:\/\/mivelezmalaga.com\/wp-content\/uploads\/2019\/01\/Alfarnate-valey.jpg","type":"","width":"","height":""}],"twitter_card":"summary_large_image","twitter_site":"@MiVelezMalaga","twitter_misc":{"Est. reading time":"5 minutes"},"schema":{"@context":"https:\/\/schema.org","@graph":[{"@type":"WebPage","@id":"https:\/\/mivelezmalaga.com\/es\/la-region-de-axarquia\/alfarnate\/","url":"https:\/\/mivelezmalaga.com\/es\/la-region-de-axarquia\/alfarnate\/","name":"Alfarnate","isPartOf":{"@id":"https:\/\/mivelezmalaga.com\/es\/#website"},"primaryImageOfPage":{"@id":"https:\/\/mivelezmalaga.com\/es\/la-region-de-axarquia\/alfarnate\/#primaryimage"},"image":{"@id":"https:\/\/mivelezmalaga.com\/es\/la-region-de-axarquia\/alfarnate\/#primaryimage"},"thumbnailUrl":"https:\/\/mivelezmalaga.com\/wp-content\/uploads\/2019\/01\/Alfarnate-valey.jpg","datePublished":"2019-10-22T16:36:23+00:00","dateModified":"2019-10-22T16:48:24+00:00","breadcrumb":{"@id":"https:\/\/mivelezmalaga.com\/es\/la-region-de-axarquia\/alfarnate\/#breadcrumb"},"inLanguage":"es-ES","potentialAction":[{"@type":"ReadAction","target":["https:\/\/mivelezmalaga.com\/es\/la-region-de-axarquia\/alfarnate\/"]}]},{"@type":"ImageObject","inLanguage":"es-ES","@id":"https:\/\/mivelezmalaga.com\/es\/la-region-de-axarquia\/alfarnate\/#primaryimage","url":"https:\/\/mivelezmalaga.com\/wp-content\/uploads\/2019\/01\/Alfarnate-valey.jpg","contentUrl":"https:\/\/mivelezmalaga.com\/wp-content\/uploads\/2019\/01\/Alfarnate-valey.jpg"},{"@type":"BreadcrumbList","@id":"https:\/\/mivelezmalaga.com\/es\/la-region-de-axarquia\/alfarnate\/#breadcrumb","itemListElement":[{"@type":"ListItem","position":1,"name":"Home","item":"https:\/\/mivelezmalaga.com\/es\/"},{"@type":"ListItem","position":2,"name":"Regi\u00f3n de La Axarquia","item":"https:\/\/mivelezmalaga.com\/es\/la-region-de-axarquia\/"},{"@type":"ListItem","position":3,"name":"Alfarnate"}]},{"@type":"WebSite","@id":"https:\/\/mivelezmalaga.com\/es\/#website","url":"https:\/\/mivelezmalaga.com\/es\/","name":"Mi Velez-Malaga","description":"Welcome to V\u00e9lez","potentialAction":[{"@type":"SearchAction","target":{"@type":"EntryPoint","urlTemplate":"https:\/\/mivelezmalaga.com\/es\/?s={search_term_string}"},"query-input":{"@type":"PropertyValueSpecification","valueRequired":true,"valueName":"search_term_string"}}],"inLanguage":"es-ES"}]}},"_links":{"self":[{"href":"https:\/\/mivelezmalaga.com\/es\/wp-json\/wp\/v2\/pages\/6024","targetHints":{"allow":["GET"]}}],"collection":[{"href":"https:\/\/mivelezmalaga.com\/es\/wp-json\/wp\/v2\/pages"}],"about":[{"href":"https:\/\/mivelezmalaga.com\/es\/wp-json\/wp\/v2\/types\/page"}],"author":[{"embeddable":true,"href":"https:\/\/mivelezmalaga.com\/es\/wp-json\/wp\/v2\/users\/1"}],"replies":[{"embeddable":true,"href":"https:\/\/mivelezmalaga.com\/es\/wp-json\/wp\/v2\/comments?post=6024"}],"version-history":[{"count":4,"href":"https:\/\/mivelezmalaga.com\/es\/wp-json\/wp\/v2\/pages\/6024\/revisions"}],"predecessor-version":[{"id":6444,"href":"https:\/\/mivelezmalaga.com\/es\/wp-json\/wp\/v2\/pages\/6024\/revisions\/6444"}],"up":[{"embeddable":true,"href":"https:\/\/mivelezmalaga.com\/es\/wp-json\/wp\/v2\/pages\/5945"}],"wp:attachment":[{"href":"https:\/\/mivelezmalaga.com\/es\/wp-json\/wp\/v2\/media?parent=6024"}],"curies":[{"name":"wp","href":"https:\/\/api.w.org\/{rel}","templated":true}]}}